{"id":41,"date":"2018-03-28T02:28:01","date_gmt":"2018-03-28T02:28:01","guid":{"rendered":"https:\/\/acesm.com.br\/site\/?page_id=41"},"modified":"2026-03-16T12:15:32","modified_gmt":"2026-03-16T12:15:32","slug":"home","status":"publish","type":"page","link":"https:\/\/acesm.com.br\/site\/","title":{"rendered":"Home"},"content":{"rendered":"<div class=\"et_pb_section_0 et_pb_section et_section_regular et_block_section\">\n<div class=\"et_pb_row_0 et_pb_row et_block_row\">\n<div class=\"et_pb_column_0 et_pb_column et_pb_column_4_4 et-last-child et_block_column et_pb_css_mix_blend_mode_passthrough\">\n<div class=\"et_pb_slider_0 et_pb_slider et_pb_slider_fullwidth_off et_slider_auto et_slider_auto_ignore_hover et_slider_speed_10000 et_animated et_pb_module et_block_module\"><div class=\"box-shadow-overlay\"><\/div><div class=\"et_pb_slides\">\n<div class=\"et_pb_slide_0 et_pb_slide et_pb_media_alignment_center et_pb_bg_layout_dark et_pb_text_align_center\" data-slide-id=\"divi\/slide-0\"><div class=\"et_pb_container\"><div class=\"et_pb_slider_container_inner\"><div class=\"et_pb_slide_description\"><\/div><\/div><\/div><\/div>\n\n<div class=\"et_pb_slide_1 et_pb_slide et_pb_media_alignment_center et_pb_bg_layout_dark et_pb_text_align_center et_clickable\" data-slide-id=\"divi\/slide-1\"><div class=\"et_pb_container\"><div class=\"et_pb_slider_container_inner\"><div class=\"et_pb_slide_description\"><\/div><\/div><\/div><\/div>\n\n<div class=\"et_pb_slide_2 et_pb_slide et_pb_media_alignment_center et_pb_bg_layout_dark et_pb_text_align_center et_clickable\" data-slide-id=\"divi\/slide-2\"><div class=\"et_pb_container\"><div class=\"et_pb_slider_container_inner\"><div class=\"et_pb_slide_description\"><\/div><\/div><\/div><\/div>\n\n<div class=\"et_pb_slide_3 et_pb_slide et_pb_media_alignment_center et_pb_bg_layout_dark et_pb_text_align_center et_clickable\" data-slide-id=\"divi\/slide-3\"><div class=\"et_pb_container\"><div class=\"et_pb_slider_container_inner\"><div class=\"et_pb_slide_description\"><\/div><\/div><\/div><\/div>\n\n<div class=\"et_pb_slide_4 et_pb_slide et_pb_media_alignment_center et_pb_bg_layout_dark et_pb_text_align_center et_clickable\" data-slide-id=\"divi\/slide-4\"><div class=\"et_pb_container\"><div class=\"et_pb_slider_container_inner\"><div class=\"et_pb_slide_description\"><\/div><\/div><\/div><\/div>\n\n<div class=\"et_pb_slide_5 et_pb_slide et_pb_media_alignment_center et_pb_bg_layout_dark et_pb_text_align_center et_clickable\" data-slide-id=\"divi\/slide-5\"><div class=\"et_pb_container\"><div class=\"et_pb_slider_container_inner\"><div class=\"et_pb_slide_description\"><\/div><\/div><\/div><\/div>\n<\/div><\/div>\n<\/div>\n<\/div>\n<\/div>\n\n<div class=\"et_pb_section_1 et_pb_section et_section_regular et_block_section\">\n<div class=\"et_pb_row_1 et_pb_row et_block_row\">\n<div class=\"et_pb_column_1 et_pb_column et_pb_column_4_4 et-last-child et_block_column et_pb_css_mix_blend_mode_passthrough\">\n<div class=\"et_pb_text_0 et_pb_text et_pb_bg_layout_light et_pb_module et_block_module\"><div class=\"et_pb_text_inner\"><p>\u00daltimas Not\u00edcias:<\/p>\n<\/div><\/div>\n\n<div class=\"et_pb_blog_0 et_pb_blog et_pb_bg_layout_light et_pb_posts et_pb_module\"><div class=\"et_pb_ajax_pagination_container\"><div class=\"et_pb_posts et_grid_module\"><article class=\"et_pb_post et_pb_post_id_1276 clearfix et_pb_blog_item_0_0 post-1276 post type-post status-publish format-standard has-post-thumbnail hentry category-noticias\"><div class=\"et_pb_image_container\"><a href=\"https:\/\/acesm.com.br\/site\/2026\/04\/07\/curso-inteligencia-em-vendas-em-parceria-com-facesp-e-iev\/\" class=\"entry-featured-image-url\"><img loading=\"lazy\" decoding=\"async\" src=\"https:\/\/acesm.com.br\/site\/wp-content\/uploads\/2026\/04\/05-01.jpg\" width=\"400\" height=\"284\" alt=\"Curso Intelig\u00eancia em Vendas em parceria com Facesp e IEV\" class=\"\" srcset=\"https:\/\/acesm.com.br\/site\/wp-content\/uploads\/2026\/04\/05-01.jpg 479w, https:\/\/acesm.com.br\/site\/wp-content\/uploads\/2026\/04\/05-01-400x284.jpg 480w\" sizes=\"(max-width:479px) 479px, 100vw\" \/><span data-icon=\"\ue050\" class=\"et_overlay et_pb_inline_icon\"><\/span><\/a><\/div><h2 class=\"entry-title\"><a href=\"https:\/\/acesm.com.br\/site\/2026\/04\/07\/curso-inteligencia-em-vendas-em-parceria-com-facesp-e-iev\/\">Curso Intelig\u00eancia em Vendas em parceria com Facesp e IEV<\/a><\/h2><p class=\"post-meta\"><span class=\"published\">abr 7, 2026<\/span> | <span class=\"entry-categories\"><a href=\"https:\/\/acesm.com.br\/site\/category\/blog\/noticias\/\" rel=\"tag\">Not\u00edcias<\/a><\/span><\/p><div class=\"post-content\"><div class=\"post-content-inner\"><p>Em Mar\u00e7o, a ACESM realizou, em parceria com a FACESP e a IEV, um treinamento conduzido por Leandro Oliveira, reunindo Associa\u00e7\u00f5es Comerciais de toda&#8230;<\/p>\n<\/div><a href=\"https:\/\/acesm.com.br\/site\/2026\/04\/07\/curso-inteligencia-em-vendas-em-parceria-com-facesp-e-iev\/\" class=\"more-link\">ler mais&#8230;<\/a><\/div><\/article><article class=\"et_pb_post et_pb_post_id_1273 clearfix et_pb_blog_item_0_1 post-1273 post type-post status-publish format-standard has-post-thumbnail hentry category-noticias\"><div class=\"et_pb_image_container\"><a href=\"https:\/\/acesm.com.br\/site\/2026\/04\/02\/abril-fique-atento-as-datas-que-movimentam-o-comercio\/\" class=\"entry-featured-image-url\"><img loading=\"lazy\" decoding=\"async\" src=\"https:\/\/acesm.com.br\/site\/wp-content\/uploads\/2026\/04\/04.jpg\" width=\"400\" height=\"284\" alt=\"Abril: Fique atento \u00e0s datas que movimentam o com\u00e9rcio\" class=\"\" srcset=\"https:\/\/acesm.com.br\/site\/wp-content\/uploads\/2026\/04\/04.jpg 479w, https:\/\/acesm.com.br\/site\/wp-content\/uploads\/2026\/04\/04-400x284.jpg 480w\" sizes=\"(max-width:479px) 479px, 100vw\" \/><span data-icon=\"\ue050\" class=\"et_overlay et_pb_inline_icon\"><\/span><\/a><\/div><h2 class=\"entry-title\"><a href=\"https:\/\/acesm.com.br\/site\/2026\/04\/02\/abril-fique-atento-as-datas-que-movimentam-o-comercio\/\">Abril: Fique atento \u00e0s datas que movimentam o com\u00e9rcio<\/a><\/h2><p class=\"post-meta\"><span class=\"published\">abr 2, 2026<\/span> | <span class=\"entry-categories\"><a href=\"https:\/\/acesm.com.br\/site\/category\/blog\/noticias\/\" rel=\"tag\">Not\u00edcias<\/a><\/span><\/p><div class=\"post-content\"><div class=\"post-content-inner\"><p>Abril \u00e9 um m\u00eas repleto de oportunidades para os comerciantes aproveitarem datas comemorativas que fortalecem as vendas e aproximam neg\u00f3cios e&#8230;<\/p>\n<\/div><a href=\"https:\/\/acesm.com.br\/site\/2026\/04\/02\/abril-fique-atento-as-datas-que-movimentam-o-comercio\/\" class=\"more-link\">ler mais&#8230;<\/a><\/div><\/article><article class=\"et_pb_post et_pb_post_id_1249 clearfix et_pb_blog_item_0_2 post-1249 post type-post status-publish format-standard has-post-thumbnail hentry category-noticias\"><div class=\"et_pb_image_container\"><a href=\"https:\/\/acesm.com.br\/site\/2026\/03\/15\/feliz-dia-do-consumidor\/\" class=\"entry-featured-image-url\"><img loading=\"lazy\" decoding=\"async\" src=\"https:\/\/acesm.com.br\/site\/wp-content\/uploads\/2026\/03\/01.jpg\" width=\"400\" height=\"284\" alt=\"Feliz dia do Consumidor\" class=\"\" srcset=\"https:\/\/acesm.com.br\/site\/wp-content\/uploads\/2026\/03\/01.jpg 479w, https:\/\/acesm.com.br\/site\/wp-content\/uploads\/2026\/03\/01-400x284.jpg 480w\" sizes=\"(max-width:479px) 479px, 100vw\" \/><span data-icon=\"\ue050\" class=\"et_overlay et_pb_inline_icon\"><\/span><\/a><\/div><h2 class=\"entry-title\"><a href=\"https:\/\/acesm.com.br\/site\/2026\/03\/15\/feliz-dia-do-consumidor\/\">Feliz dia do Consumidor<\/a><\/h2><p class=\"post-meta\"><span class=\"published\">mar 15, 2026<\/span> | <span class=\"entry-categories\"><a href=\"https:\/\/acesm.com.br\/site\/category\/blog\/noticias\/\" rel=\"tag\">Not\u00edcias<\/a><\/span><\/p><div class=\"post-content\"><div class=\"post-content-inner\"><p>O Dia do Consumidor \u00e9 uma data para reconhecer a import\u00e2ncia de quem movimenta o com\u00e9rcio e fortalece nossa cidade. A Associa\u00e7\u00e3o Comercial e&#8230;<\/p>\n<\/div><a href=\"https:\/\/acesm.com.br\/site\/2026\/03\/15\/feliz-dia-do-consumidor\/\" class=\"more-link\">ler mais&#8230;<\/a><\/div><\/article><article class=\"et_pb_post et_pb_post_id_1245 clearfix et_pb_blog_item_0_3 post-1245 post type-post status-publish format-standard has-post-thumbnail hentry category-noticias\"><div class=\"et_pb_image_container\"><a href=\"https:\/\/acesm.com.br\/site\/2026\/03\/15\/parceria-imes\/\" class=\"entry-featured-image-url\"><img loading=\"lazy\" decoding=\"async\" src=\"https:\/\/acesm.com.br\/site\/wp-content\/uploads\/2026\/03\/imes.jpg\" width=\"400\" height=\"284\" alt=\"Parceria com o IMES\" class=\"\" srcset=\"https:\/\/acesm.com.br\/site\/wp-content\/uploads\/2026\/03\/imes.jpg 479w, https:\/\/acesm.com.br\/site\/wp-content\/uploads\/2026\/03\/imes-400x284.jpg 480w\" sizes=\"(max-width:479px) 479px, 100vw\" \/><span data-icon=\"\ue050\" class=\"et_overlay et_pb_inline_icon\"><\/span><\/a><\/div><h2 class=\"entry-title\"><a href=\"https:\/\/acesm.com.br\/site\/2026\/03\/15\/parceria-imes\/\">Parceria com o IMES<\/a><\/h2><p class=\"post-meta\"><span class=\"published\">mar 15, 2026<\/span> | <span class=\"entry-categories\"><a href=\"https:\/\/acesm.com.br\/site\/category\/blog\/noticias\/\" rel=\"tag\">Not\u00edcias<\/a><\/span><\/p><div class=\"post-content\"><div class=\"post-content-inner\"><p>Nossos associados t\u00eam benef\u00edcios exclusivos em faculdades parceiras, garantindo descontos especiais, acesso facilitado a cursos e oportunidades de&#8230;<\/p>\n<\/div><a href=\"https:\/\/acesm.com.br\/site\/2026\/03\/15\/parceria-imes\/\" class=\"more-link\">ler mais&#8230;<\/a><\/div><\/article><article class=\"et_pb_post et_pb_post_id_1240 clearfix et_pb_blog_item_0_4 post-1240 post type-post status-publish format-standard has-post-thumbnail hentry category-noticias\"><div class=\"et_pb_image_container\"><a href=\"https:\/\/acesm.com.br\/site\/2026\/03\/15\/visita-a-escola-walter-carrer\/\" class=\"entry-featured-image-url\"><img loading=\"lazy\" decoding=\"async\" src=\"https:\/\/acesm.com.br\/site\/wp-content\/uploads\/2026\/03\/escola_03.jpg\" width=\"400\" height=\"284\" alt=\"Visita \u00e0 Escola Walter Carrer\" class=\"\" srcset=\"https:\/\/acesm.com.br\/site\/wp-content\/uploads\/2026\/03\/escola_03.jpg 479w, https:\/\/acesm.com.br\/site\/wp-content\/uploads\/2026\/03\/escola_03-400x284.jpg 480w\" sizes=\"(max-width:479px) 479px, 100vw\" \/><span data-icon=\"\ue050\" class=\"et_overlay et_pb_inline_icon\"><\/span><\/a><\/div><h2 class=\"entry-title\"><a href=\"https:\/\/acesm.com.br\/site\/2026\/03\/15\/visita-a-escola-walter-carrer\/\">Visita \u00e0 Escola Walter Carrer<\/a><\/h2><p class=\"post-meta\"><span class=\"published\">mar 15, 2026<\/span> | <span class=\"entry-categories\"><a href=\"https:\/\/acesm.com.br\/site\/category\/blog\/noticias\/\" rel=\"tag\">Not\u00edcias<\/a><\/span><\/p><div class=\"post-content\"><div class=\"post-content-inner\"><p>No dia 05 de mar\u00e7o, a Associa\u00e7\u00e3o Comercial de S\u00e3o Manuel realizou uma visita \u00e0 Escola Walter Carrer, conversando com alunos do 2\u00ba e 3\u00ba ano do curso&#8230;<\/p>\n<\/div><a href=\"https:\/\/acesm.com.br\/site\/2026\/03\/15\/visita-a-escola-walter-carrer\/\" class=\"more-link\">ler mais&#8230;<\/a><\/div><\/article><article class=\"et_pb_post et_pb_post_id_1236 clearfix et_pb_blog_item_0_5 post-1236 post type-post status-publish format-standard has-post-thumbnail hentry category-noticias\"><div class=\"et_pb_image_container\"><a href=\"https:\/\/acesm.com.br\/site\/2026\/03\/15\/feliz-dia-da-mulher\/\" class=\"entry-featured-image-url\"><img loading=\"lazy\" decoding=\"async\" src=\"https:\/\/acesm.com.br\/site\/wp-content\/uploads\/2026\/03\/diamulher.jpg\" width=\"400\" height=\"284\" alt=\"Feliz dia da Mulher\" class=\"\" srcset=\"https:\/\/acesm.com.br\/site\/wp-content\/uploads\/2026\/03\/diamulher.jpg 479w, https:\/\/acesm.com.br\/site\/wp-content\/uploads\/2026\/03\/diamulher-400x284.jpg 480w\" sizes=\"(max-width:479px) 479px, 100vw\" \/><span data-icon=\"\ue050\" class=\"et_overlay et_pb_inline_icon\"><\/span><\/a><\/div><h2 class=\"entry-title\"><a href=\"https:\/\/acesm.com.br\/site\/2026\/03\/15\/feliz-dia-da-mulher\/\">Feliz dia da Mulher<\/a><\/h2><p class=\"post-meta\"><span class=\"published\">mar 15, 2026<\/span> | <span class=\"entry-categories\"><a href=\"https:\/\/acesm.com.br\/site\/category\/blog\/noticias\/\" rel=\"tag\">Not\u00edcias<\/a><\/span><\/p><div class=\"post-content\"><div class=\"post-content-inner\"><p>Seja como empreendedoras, l\u00edderes ou colaboradoras, voc\u00eas mostram que determina\u00e7\u00e3o, criatividade e coragem caminham lado a lado com cada conquista&#8230;.<\/p>\n<\/div><a href=\"https:\/\/acesm.com.br\/site\/2026\/03\/15\/feliz-dia-da-mulher\/\" class=\"more-link\">ler mais&#8230;<\/a><\/div><\/article><\/div><\/div><\/div>\n\n<div class=\"et_pb_module et_pb_button_module_wrapper et_pb_button_0_wrapper\"><a class=\"et_pb_button_0 et_pb_button et_pb_bg_layout_light et_pb_module et_block_module\" href=\"https:\/\/acesm.com.br\/site\/category\/blog\/noticias\/\">Ver mais postagens&#8230;<\/a><\/div>\n<\/div>\n<\/div>\n<\/div>\n\n<div class=\"et_pb_section_2 et_pb_section et_section_regular et_block_section et_pb_section_parallax\"><span class=\"et-pb-parallax-wrapper\"><span class=\"et-pb-parallax-background et-pb-parallax-background--css et-pb-parallax-background-module--divi-section-2\" style=\"background-image:url(https:\/\/acesm.com.br\/site\/wp-content\/uploads\/2020\/11\/fachada_acesm.jpg)\"><\/span><\/span>\n<div class=\"et_pb_row_2 et_pb_row et_block_row\">\n<div class=\"et_pb_column_2 et_pb_column et_pb_column_4_4 et-last-child et_block_column et_pb_css_mix_blend_mode_passthrough\">\n<div class=\"et_pb_text_1 et_pb_text et_pb_bg_layout_light et_pb_module et_block_module\"><div class=\"et_pb_text_inner\"><p>Atendimento:<\/p>\n<p>(14) 99129-5607 | (14) 99610-2957<\/p>\n<\/div><\/div>\n<\/div>\n<\/div>\n<\/div>\n\n<div class=\"et_pb_section_3 et_pb_section et_section_regular et_block_section\">\n<div class=\"et_pb_row_3 et_pb_row et_block_row\">\n<div class=\"et_pb_column_3 et_pb_column et_pb_column_4_4 et-last-child et_block_column et_pb_css_mix_blend_mode_passthrough\">\n<div class=\"et_pb_text_2 et_pb_text et_pb_bg_layout_light et_pb_module et_block_module\"><div class=\"et_pb_text_inner\"><p>Principais Servi\u00e7os:<\/p>\n<\/div><\/div>\n\n<div class=\"et_pb_divider_0 et_pb_divider et_pb_space et_pb_divider_position_top et_pb_module\"><div class=\"et_pb_divider_internal\"><\/div><\/div>\n\n<div class=\"et_pb_blog_1 et_pb_blog et_pb_bg_layout_light et_pb_posts et_pb_module\"><div class=\"et_pb_ajax_pagination_container\"><div class=\"et_pb_posts et_grid_module\"><article class=\"et_pb_post et_pb_post_id_1276 clearfix et_pb_blog_item_1_0 post-1276 post type-post status-publish format-standard has-post-thumbnail hentry category-noticias\"><div class=\"et_pb_image_container\"><a href=\"https:\/\/acesm.com.br\/site\/2026\/04\/07\/curso-inteligencia-em-vendas-em-parceria-com-facesp-e-iev\/\" class=\"entry-featured-image-url\"><img loading=\"lazy\" decoding=\"async\" src=\"https:\/\/acesm.com.br\/site\/wp-content\/uploads\/2026\/04\/05-01.jpg\" width=\"400\" height=\"284\" alt=\"Curso Intelig\u00eancia em Vendas em parceria com Facesp e IEV\" class=\"\" srcset=\"https:\/\/acesm.com.br\/site\/wp-content\/uploads\/2026\/04\/05-01.jpg 479w, https:\/\/acesm.com.br\/site\/wp-content\/uploads\/2026\/04\/05-01-400x284.jpg 480w\" sizes=\"(max-width:479px) 479px, 100vw\" \/><span data-icon=\"\ue050\" class=\"et_overlay et_pb_inline_icon\"><\/span><\/a><\/div><h2 class=\"entry-title\"><a href=\"https:\/\/acesm.com.br\/site\/2026\/04\/07\/curso-inteligencia-em-vendas-em-parceria-com-facesp-e-iev\/\">Curso Intelig\u00eancia em Vendas em parceria com Facesp e IEV<\/a><\/h2><p class=\"post-meta\"><\/p><div class=\"post-content\"><div class=\"post-content-inner\"><p>Em Mar\u00e7o, a ACESM realizou, em parceria com a FACESP e a IEV, um treinamento conduzido por Leandro Oliveira, reunindo Associa\u00e7\u00f5es Comerciais de toda a regi\u00e3o. A ACESM segue em constante atualiza\u00e7\u00e3o e especializa\u00e7\u00e3o para oferecer sempre o melhor aos seus&#8230;<\/p>\n<\/div><\/div><\/article><article class=\"et_pb_post et_pb_post_id_1273 clearfix et_pb_blog_item_1_1 post-1273 post type-post status-publish format-standard has-post-thumbnail hentry category-noticias\"><div class=\"et_pb_image_container\"><a href=\"https:\/\/acesm.com.br\/site\/2026\/04\/02\/abril-fique-atento-as-datas-que-movimentam-o-comercio\/\" class=\"entry-featured-image-url\"><img loading=\"lazy\" decoding=\"async\" src=\"https:\/\/acesm.com.br\/site\/wp-content\/uploads\/2026\/04\/04.jpg\" width=\"400\" height=\"284\" alt=\"Abril: Fique atento \u00e0s datas que movimentam o com\u00e9rcio\" class=\"\" srcset=\"https:\/\/acesm.com.br\/site\/wp-content\/uploads\/2026\/04\/04.jpg 479w, https:\/\/acesm.com.br\/site\/wp-content\/uploads\/2026\/04\/04-400x284.jpg 480w\" sizes=\"(max-width:479px) 479px, 100vw\" \/><span data-icon=\"\ue050\" class=\"et_overlay et_pb_inline_icon\"><\/span><\/a><\/div><h2 class=\"entry-title\"><a href=\"https:\/\/acesm.com.br\/site\/2026\/04\/02\/abril-fique-atento-as-datas-que-movimentam-o-comercio\/\">Abril: Fique atento \u00e0s datas que movimentam o com\u00e9rcio<\/a><\/h2><p class=\"post-meta\"><\/p><div class=\"post-content\"><div class=\"post-content-inner\"><p>Abril \u00e9 um m\u00eas repleto de oportunidades para os comerciantes aproveitarem datas comemorativas que fortalecem as vendas e aproximam neg\u00f3cios e clientes. Planejar com anteced\u00eancia faz toda a diferen\u00e7a na experi\u00eancia do cliente e nos resultados do seu neg\u00f3cio. Aproveite&#8230;<\/p>\n<\/div><\/div><\/article><article class=\"et_pb_post et_pb_post_id_1249 clearfix et_pb_blog_item_1_2 post-1249 post type-post status-publish format-standard has-post-thumbnail hentry category-noticias\"><div class=\"et_pb_image_container\"><a href=\"https:\/\/acesm.com.br\/site\/2026\/03\/15\/feliz-dia-do-consumidor\/\" class=\"entry-featured-image-url\"><img loading=\"lazy\" decoding=\"async\" src=\"https:\/\/acesm.com.br\/site\/wp-content\/uploads\/2026\/03\/01.jpg\" width=\"400\" height=\"284\" alt=\"Feliz dia do Consumidor\" class=\"\" srcset=\"https:\/\/acesm.com.br\/site\/wp-content\/uploads\/2026\/03\/01.jpg 479w, https:\/\/acesm.com.br\/site\/wp-content\/uploads\/2026\/03\/01-400x284.jpg 480w\" sizes=\"(max-width:479px) 479px, 100vw\" \/><span data-icon=\"\ue050\" class=\"et_overlay et_pb_inline_icon\"><\/span><\/a><\/div><h2 class=\"entry-title\"><a href=\"https:\/\/acesm.com.br\/site\/2026\/03\/15\/feliz-dia-do-consumidor\/\">Feliz dia do Consumidor<\/a><\/h2><p class=\"post-meta\"><\/p><div class=\"post-content\"><div class=\"post-content-inner\"><p>O Dia do Consumidor \u00e9 uma data para reconhecer a import\u00e2ncia de quem movimenta o com\u00e9rcio e fortalece nossa cidade. A Associa\u00e7\u00e3o Comercial e Empresarial de S\u00e3o Manuel parabeniza todos os consumidores e agradece por apoiar o com\u00e9rcio local<\/p>\n<\/div><\/div><\/article><\/div><\/div><\/div>\n<\/div>\n<\/div>\n\n<div class=\"et_pb_row_4 et_pb_row et_block_row\">\n<div class=\"et_pb_column_4 et_pb_column et_pb_column_4_4 et-last-child et_block_column et_pb_css_mix_blend_mode_passthrough\">\n<div class=\"et_pb_text_3 et_pb_text et_pb_bg_layout_light et_pb_module et_block_module\"><div class=\"et_pb_text_inner\"><p>Benef\u00edcios para Associados:<\/p>\n<\/div><\/div>\n\n<div class=\"et_pb_divider_1 et_pb_divider et_pb_space et_pb_divider_position_top et_pb_module\"><div class=\"et_pb_divider_internal\"><\/div><\/div>\n\n<div class=\"et_pb_image_0 et_pb_image et_pb_module et_block_module\"><a href=\"https:\/\/acesm.com.br\/site\/wp-content\/uploads\/2026\/01\/CADERNO-DE-BENEFICIOS-2025.pdf\" target=\"_blank\"><span class=\"et_pb_image_wrap\"><img loading=\"lazy\" decoding=\"async\" src=\"https:\/\/acesm.com.br\/site\/wp-content\/uploads\/2020\/11\/banner-beneficios.jpg\" width=\"960\" height=\"335\" srcset=\"https:\/\/acesm.com.br\/site\/wp-content\/uploads\/2020\/11\/banner-beneficios.jpg 960w, https:\/\/acesm.com.br\/site\/wp-content\/uploads\/2020\/11\/banner-beneficios-480x168.jpg 480w\" sizes=\"(min-width: 0px) and (max-width: 480px) 480px, (min-width: 481px) 960px, 100vw\" class=\"wp-image-588\" title=\"banner-beneficios\" \/><\/span><\/a><\/div>\n<\/div>\n<\/div>\n<\/div>\n\n<div class=\"et_pb_section_4 et_pb_section et_section_regular et_block_section\">\n<div class=\"et_pb_row_5 et_pb_row et_block_row\">\n<div class=\"et_pb_column_5 et_pb_column et_pb_column_3_5 et_block_column et_pb_css_mix_blend_mode_passthrough\">\n<div class=\"et_pb_text_4 et_pb_text et_pb_bg_layout_light et_pb_module et_block_module\"><div class=\"et_pb_text_inner\"><\/p>\n<p>Junte-se aos mais de 340 Associados<\/p>\n<p>\n<\/div><\/div>\n\n<div class=\"et_pb_text_5 et_pb_text et_pb_bg_layout_light et_pb_module et_block_module\"><div class=\"et_pb_text_inner\"><\/p>\n<p><span>Voc\u00ea tem acesso a servi\u00e7os, ferramentas de cr\u00e9dito e benef\u00edcios exclusivos para sua empresa e sua fam\u00edlia.<\/span><\/p>\n<p>\n<\/div><\/div>\n<\/div>\n\n<div class=\"et_pb_column_6 et_pb_column et_pb_column_2_5 et-last-child et_block_column et_pb_css_mix_blend_mode_passthrough\">\n<div class=\"et_pb_module et_pb_button_module_wrapper et_pb_button_1_wrapper\"><a class=\"et_pb_button_1 et_pb_button et_pb_bg_layout_light et_pb_module et_block_module\" href=\"\">QUERO ME ASSOCIAR!<\/a><\/div>\n<\/div>\n<\/div>\n<\/div><div style=\"padding-bottom:20px; padding-top:10px;\" class=\"hupso-share-buttons\"><!-- Hupso Share Buttons - https:\/\/www.hupso.com\/share\/ --><a class=\"hupso_counters\" href=\"https:\/\/www.hupso.com\/share\/\"><img decoding=\"async\" src=\"https:\/\/static.hupso.com\/share\/buttons\/dot.png\" style=\"border:0px; padding-top:2px; float:left;\" alt=\"Share Button\"\/><\/a><script type=\"text\/javascript\">var hupso_services_c=new Array(\"twitter\",\"facebook_like\",\"facebook_send\",\"google\",\"pinterest\",\"email\",\"print\",\"linkedin\");var hupso_counters_lang = \"pt_BR\";var hupso_image_folder_url = \"\";var hupso_url_c=\"\";var hupso_title_c=\"Home\";<\/script><script type=\"text\/javascript\" src=\"https:\/\/static.hupso.com\/share\/js\/counters.js\"><\/script><!-- Hupso Share Buttons --><\/div>","protected":false},"excerpt":{"rendered":"","protected":false},"author":1,"featured_media":0,"parent":0,"menu_order":0,"comment_status":"closed","ping_status":"closed","template":"","meta":{"footnotes":""},"class_list":["post-41","page","type-page","status-publish","hentry"],"_links":{"self":[{"href":"https:\/\/acesm.com.br\/site\/wp-json\/wp\/v2\/pages\/41","targetHints":{"allow":["GET"]}}],"collection":[{"href":"https:\/\/acesm.com.br\/site\/wp-json\/wp\/v2\/pages"}],"about":[{"href":"https:\/\/acesm.com.br\/site\/wp-json\/wp\/v2\/types\/page"}],"author":[{"embeddable":true,"href":"https:\/\/acesm.com.br\/site\/wp-json\/wp\/v2\/users\/1"}],"replies":[{"embeddable":true,"href":"https:\/\/acesm.com.br\/site\/wp-json\/wp\/v2\/comments?post=41"}],"version-history":[{"count":169,"href":"https:\/\/acesm.com.br\/site\/wp-json\/wp\/v2\/pages\/41\/revisions"}],"predecessor-version":[{"id":1262,"href":"https:\/\/acesm.com.br\/site\/wp-json\/wp\/v2\/pages\/41\/revisions\/1262"}],"wp:attachment":[{"href":"https:\/\/acesm.com.br\/site\/wp-json\/wp\/v2\/media?parent=41"}],"curies":[{"name":"wp","href":"https:\/\/api.w.org\/{rel}","templated":true}]}}